{"id":16386,"date":"2023-06-08T07:35:06","date_gmt":"2023-06-08T07:35:06","guid":{"rendered":"https:\/\/personal.santaferelo.com\/contact-us\/our-offices\/votre-assistant-demenagement-personnel\/"},"modified":"2026-01-06T14:47:30","modified_gmt":"2026-01-06T14:47:30","slug":"votre-assistant-demenagement-personnel","status":"publish","type":"office","link":"https:\/\/personal.santaferelo.com\/de\/contact-us\/our-offices\/votre-assistant-demenagement-personnel\/","title":{"rendered":"Votre assistant d\u00e9m\u00e9nagement personnel"},"content":{"rendered":"\t\t<div data-elementor-type=\"wp-post\" data-elementor-id=\"16386\" class=\"elementor elementor-16386 elementor-895\" data-elementor-post-type=\"office\">\n\t\t\t\t<div class=\"elementor-element elementor-element-f31e1ef e-con-full e-flex e-con e-parent\" data-id=\"f31e1ef\" data-element_type=\"container\" data-settings=\"{&quot;background_background&quot;:&quot;classic&quot;}\">\n\t\t<div class=\"elementor-element elementor-element-5f0afb4 e-flex e-con-boxed e-con e-child\" data-id=\"5f0afb4\" data-element_type=\"container\">\n\t\t\t\t\t<div class=\"e-con-inner\">\n\t\t<div class=\"elementor-element elementor-element-33add93 e-con-full e-flex e-con e-child\" data-id=\"33add93\" data-element_type=\"container\">\n\t\t\t\t<div class=\"elementor-element elementor-element-424ba65 elementor-widget elementor-widget-text-editor\" data-id=\"424ba65\" data-element_type=\"widget\" data-widget_type=\"text-editor.default\">\n\t\t\t\t<div class=\"elementor-widget-container\">\n\t\t\t\t\t\t\t<p>LOCATIONS<\/p>\n\t\t\t\t\t\t<\/div>\n\t\t\t\t<\/div>\n\t\t<div class=\"elementor-element elementor-element-83b18be e-flex e-con-boxed e-con e-child\" data-id=\"83b18be\" data-element_type=\"container\">\n\t\t\t\t\t<div class=\"e-con-inner\">\n\t\t\t\t<div class=\"elementor-element elementor-element-bbe89cd elementor-widget elementor-widget-heading\" data-id=\"bbe89cd\" data-element_type=\"widget\" data-widget_type=\"heading.default\">\n\t\t\t\t<div class=\"elementor-widget-container\">\n\t\t\t<h1 class=\"elementor-heading-title elementor-size-default\">Moving Company Frankfurt<\/h1>\t\t<\/div>\n\t\t\t\t<\/div>\n\t\t\t\t\t<\/div>\n\t\t\t\t<\/div>\n\t\t<div class=\"elementor-element elementor-element-e098ee1 e-con-full e-flex e-con e-child\" data-id=\"e098ee1\" data-element_type=\"container\">\n\t\t\t\t<div class=\"elementor-element elementor-element-23f4eaf elementor-widget__width-inherit elementor-widget elementor-widget-text-editor\" data-id=\"23f4eaf\" data-element_type=\"widget\" data-widget_type=\"text-editor.default\">\n\t\t\t\t<div class=\"elementor-widget-container\">\n\t\t\t\t\t\t\t<p>Address<\/p>\n\t\t\t\t\t\t<\/div>\n\t\t\t\t<\/div>\n\t\t\t\t<div class=\"elementor-element elementor-element-200cc7c elementor-widget-tablet__width-initial elementor-widget__width-auto elementor-widget elementor-widget-text-editor\" data-id=\"200cc7c\" data-element_type=\"widget\" data-widget_type=\"text-editor.default\">\n\t\t\t\t<div class=\"elementor-widget-container\">\n\t\t\t\t\t\t\t<p>Schulstra\u00dfe 53 65795 Hattersheim, Frankfurt, Germany<\/p>\n\t\t\t\t\t\t<\/div>\n\t\t\t\t<\/div>\n\t\t\t\t<\/div>\n\t\t\t\t<div class=\"elementor-element elementor-element-cb92d43 elementor-widget elementor-widget-heading\" data-id=\"cb92d43\" data-element_type=\"widget\" data-widget_type=\"heading.default\">\n\t\t\t\t<div class=\"elementor-widget-container\">\n\t\t\t<h5 class=\"elementor-heading-title elementor-size-default\">Personal or Corporate relocation enquiries<\/h5>\t\t<\/div>\n\t\t\t\t<\/div>\n\t\t\t\t<div class=\"elementor-element elementor-element-7e61467 elementor-widget elementor-widget-heading\" data-id=\"7e61467\" data-element_type=\"widget\" data-widget_type=\"heading.default\">\n\t\t\t\t<div class=\"elementor-widget-container\">\n\t\t\t<h5 class=\"elementor-heading-title elementor-size-default\">Our team in Frankfurt are looking forward to hearing from you.<\/h5>\t\t<\/div>\n\t\t\t\t<\/div>\n\t\t<div class=\"elementor-element elementor-element-3483df7 e-flex e-con-boxed e-con e-child\" data-id=\"3483df7\" data-element_type=\"container\">\n\t\t\t\t\t<div class=\"e-con-inner\">\n\t\t<div class=\"elementor-element elementor-element-82be814 e-con-full e-flex e-con e-child\" data-id=\"82be814\" data-element_type=\"container\">\n\t\t<div class=\"elementor-element elementor-element-87b85a6 e-con-full e-flex e-con e-child\" data-id=\"87b85a6\" data-element_type=\"container\">\n\t\t\t\t<div class=\"elementor-element elementor-element-2eebc85 elementor-widget__width-inherit elementor-widget elementor-widget-text-editor\" data-id=\"2eebc85\" data-element_type=\"widget\" data-widget_type=\"text-editor.default\">\n\t\t\t\t<div class=\"elementor-widget-container\">\n\t\t\t\t\t\t\t<p>Phone:<\/p>\n\t\t\t\t\t\t<\/div>\n\t\t\t\t<\/div>\n\t\t\t\t<\/div>\n\t\t<div class=\"elementor-element elementor-element-ea45548 e-con-full e-flex e-con e-child\" data-id=\"ea45548\" data-element_type=\"container\">\n\t\t\t\t<div class=\"elementor-element elementor-element-b62278e elementor-widget-tablet__width-initial elementor-widget__width-auto elementor-widget elementor-widget-text-editor\" data-id=\"b62278e\" data-element_type=\"widget\" data-widget_type=\"text-editor.default\">\n\t\t\t\t<div class=\"elementor-widget-container\">\n\t\t\t\t\t\t\t<p>(+49) 6190 899 30<\/p>\n\t\t\t\t\t\t<\/div>\n\t\t\t\t<\/div>\n\t\t\t\t<\/div>\n\t\t\t\t<\/div>\n\t\t<div class=\"elementor-element elementor-element-6fcb466 e-con-full e-flex e-con e-child\" data-id=\"6fcb466\" data-element_type=\"container\">\n\t\t<div class=\"elementor-element elementor-element-0bef23a e-con-full e-flex e-con e-child\" data-id=\"0bef23a\" data-element_type=\"container\">\n\t\t\t\t<div class=\"elementor-element elementor-element-2e96329 elementor-widget__width-inherit elementor-widget elementor-widget-text-editor\" data-id=\"2e96329\" data-element_type=\"widget\" data-widget_type=\"text-editor.default\">\n\t\t\t\t<div class=\"elementor-widget-container\">\n\t\t\t\t\t\t\t<p>Email:<\/p>\n\t\t\t\t\t\t<\/div>\n\t\t\t\t<\/div>\n\t\t\t\t<\/div>\n\t\t<div class=\"elementor-element elementor-element-417eb0c e-con-full e-flex e-con e-child\" data-id=\"417eb0c\" data-element_type=\"container\">\n\t\t\t\t<div class=\"elementor-element elementor-element-96555bf elementor-widget-tablet__width-initial elementor-widget__width-auto elementor-widget elementor-widget-text-editor\" data-id=\"96555bf\" data-element_type=\"widget\" data-widget_type=\"text-editor.default\">\n\t\t\t\t<div class=\"elementor-widget-container\">\n\t\t\t\t\t\t\t<div class=\"email\">\n<div class=\"email\">\n<div class=\"email\">\n<p><a href=\"mailto:sales_germany@santaferelo.com\">sales_germany@santaferelo.com<\/a><\/p>\n<\/div>\n<\/div>\n<\/div>\n\t\t\t\t\t\t<\/div>\n\t\t\t\t<\/div>\n\t\t\t\t<\/div>\n\t\t\t\t<\/div>\n\t\t\t\t\t<\/div>\n\t\t\t\t<\/div>\n\t\t\t\t<div class=\"elementor-element elementor-element-09a4710 elementor-widget elementor-widget-button\" data-id=\"09a4710\" data-element_type=\"widget\" data-widget_type=\"button.default\">\n\t\t\t\t<div class=\"elementor-widget-container\">\n\t\t\t\t\t\t\t<div class=\"elementor-button-wrapper\">\n\t\t\t\t\t<a class=\"elementor-button elementor-button-link elementor-size-sm\" href=\"tel:+49619089930\">\n\t\t\t\t\t\t<span class=\"elementor-button-content-wrapper\">\n\t\t\t\t\t\t\t\t\t<span class=\"elementor-button-text\">Call Us<\/span>\n\t\t\t\t\t<\/span>\n\t\t\t\t\t<\/a>\n\t\t\t\t<\/div>\n\t\t\t\t\t\t<\/div>\n\t\t\t\t<\/div>\n\t\t\t\t<\/div>\n\t\t<div class=\"elementor-element elementor-element-d887e34 e-con-full e-flex e-con e-child\" data-id=\"d887e34\" data-element_type=\"container\">\n\t\t\t\t<div class=\"elementor-element elementor-element-017515a elementor-widget__width-inherit elementor-widget-tablet__width-inherit elementor-widget elementor-widget-google_maps\" data-id=\"017515a\" data-element_type=\"widget\" data-widget_type=\"google_maps.default\">\n\t\t\t\t<div class=\"elementor-widget-container\">\n\t\t\t\t\t<div class=\"elementor-custom-embed\">\n\t\t\t<iframe loading=\"lazy\"\n\t\t\t\t\tsrc=\"https:\/\/maps.google.com\/maps?q=Santa%20Fe%20Relocation%20near%20Frankfurt%2C%20Germany&#038;t=m&#038;z=17&#038;output=embed&#038;iwloc=near\"\n\t\t\t\t\ttitle=\"Santa Fe Relocation near Frankfurt, Germany\"\n\t\t\t\t\taria-label=\"Santa Fe Relocation near Frankfurt, Germany\"\n\t\t\t><\/iframe>\n\t\t<\/div>\n\t\t\t\t<\/div>\n\t\t\t\t<\/div>\n\t\t\t\t<\/div>\n\t\t\t\t\t<\/div>\n\t\t\t\t<\/div>\n\t\t\t\t<\/div>\n\t\t<div class=\"elementor-element elementor-element-d5eca7b e-con-full e-flex e-con e-parent\" data-id=\"d5eca7b\" data-element_type=\"container\" data-settings=\"{&quot;background_background&quot;:&quot;classic&quot;}\">\n\t\t<div class=\"elementor-element elementor-element-1eb64da7 e-flex e-con-boxed e-con e-child\" data-id=\"1eb64da7\" data-element_type=\"container\">\n\t\t\t\t\t<div class=\"e-con-inner\">\n\t\t<div class=\"elementor-element elementor-element-61d5a722 e-con-full e-flex e-con e-child\" data-id=\"61d5a722\" data-element_type=\"container\" data-settings=\"{&quot;background_background&quot;:&quot;classic&quot;}\">\n\t\t\t\t<div class=\"elementor-element elementor-element-85912d1 elementor-widget elementor-widget-image\" data-id=\"85912d1\" data-element_type=\"widget\" data-widget_type=\"image.default\">\n\t\t\t\t<div class=\"elementor-widget-container\">\n\t\t\t\t\t\t\t\t\t\t\t\t\t<img fetchpriority=\"high\" decoding=\"async\" width=\"800\" height=\"640\" src=\"https:\/\/personal.santaferelo.com\/wp-content\/uploads\/2023\/06\/Frankfurt.png\" class=\" attachment-large size-large wp-image-7942\" alt=\"\" srcset=\"https:\/\/personal.santaferelo.com\/wp-content\/uploads\/2023\/06\/Frankfurt.png 1000w, https:\/\/personal.santaferelo.com\/wp-content\/uploads\/2023\/06\/Frankfurt-300x240.png 300w, https:\/\/personal.santaferelo.com\/wp-content\/uploads\/2023\/06\/Frankfurt-768x614.png 768w\" sizes=\"(max-width: 800px) 100vw, 800px\" \/>\t\t\t\t\t\t\t\t\t\t\t\t\t<\/div>\n\t\t\t\t<\/div>\n\t\t\t\t<div class=\"elementor-element elementor-element-4a371a6 elementor-widget elementor-widget-image\" data-id=\"4a371a6\" data-element_type=\"widget\" data-widget_type=\"image.default\">\n\t\t\t\t<div class=\"elementor-widget-container\">\n\t\t\t\t\t\t\t\t\t\t\t\t\t<img decoding=\"async\" width=\"800\" height=\"800\" src=\"https:\/\/personal.santaferelo.com\/wp-content\/uploads\/2024\/12\/34-1024x1024.jpg\" class=\" attachment-large size-large wp-image-14389\" alt=\"Couple and child outside their new house, happy to be settled in after a stress free move with Santa Fe Relocation.\" srcset=\"https:\/\/personal.santaferelo.com\/wp-content\/uploads\/2024\/12\/34-1024x1024.jpg 1024w, https:\/\/personal.santaferelo.com\/wp-content\/uploads\/2024\/12\/34-300x300.jpg 300w, https:\/\/personal.santaferelo.com\/wp-content\/uploads\/2024\/12\/34-150x150.jpg 150w, https:\/\/personal.santaferelo.com\/wp-content\/uploads\/2024\/12\/34-768x768.jpg 768w, https:\/\/personal.santaferelo.com\/wp-content\/uploads\/2024\/12\/34.jpg 1080w\" sizes=\"(max-width: 800px) 100vw, 800px\" \/>\t\t\t\t\t\t\t\t\t\t\t\t\t<\/div>\n\t\t\t\t<\/div>\n\t\t\t\t<\/div>\n\t\t<div class=\"elementor-element elementor-element-703740fa e-con-full e-flex e-con e-child\" data-id=\"703740fa\" data-element_type=\"container\">\n\t\t<div class=\"elementor-element elementor-element-758bf92c e-flex e-con-boxed e-con e-child\" data-id=\"758bf92c\" data-element_type=\"container\">\n\t\t\t\t\t<div class=\"e-con-inner\">\n\t\t\t\t<div class=\"elementor-element elementor-element-21e22321 elementor-widget elementor-widget-text-editor\" data-id=\"21e22321\" data-element_type=\"widget\" data-widget_type=\"text-editor.default\">\n\t\t\t\t<div class=\"elementor-widget-container\">\n\t\t\t\t\t\t\t<p>INTERNATIONAL MOVING SERVICES<\/p>\n\t\t\t\t\t\t<\/div>\n\t\t\t\t<\/div>\n\t\t\t\t\t<\/div>\n\t\t\t\t<\/div>\n\t\t\t\t<div class=\"elementor-element elementor-element-48f795 elementor-widget elementor-widget-heading\" data-id=\"48f795\" data-element_type=\"widget\" data-widget_type=\"heading.default\">\n\t\t\t\t<div class=\"elementor-widget-container\">\n\t\t\t<h3 class=\"elementor-heading-title elementor-size-default\">Move with Confidence: Santa Fe is the Moving Company for Your Move from Germany<\/h3>\t\t<\/div>\n\t\t\t\t<\/div>\n\t\t\t\t<div class=\"elementor-element elementor-element-6ad6d174 elementor-widget__width-inherit elementor-widget-mobile__width-inherit elementor-widget elementor-widget-text-editor\" data-id=\"6ad6d174\" data-element_type=\"widget\" data-widget_type=\"text-editor.default\">\n\t\t\t\t<div class=\"elementor-widget-container\">\n\t\t\t\t\t\t\t<h2 data-path-to-node=\"2\">Warum nach Frankfurt ziehen?<\/h2>\n<p data-path-to-node=\"3\">Frankfurt bietet eine sehr hohe Lebensqualit\u00e4t. Die Stadt ist ideal f\u00fcr Berufst\u00e4tige, Familien und Menschen aus dem Ausland (Expats). Da es hier viele internationale Gemeinschaften und Kulturen gibt, findet man schnell Anschluss. Frankfurt liegt mitten in Europa und ist ein wichtiges Finanzzentrum. Hier befinden sich die <b data-path-to-node=\"3\" data-index-in-node=\"323\">Europ\u00e4ische Zentralbank<\/b> und viele weltweite Unternehmen. Das bietet Ihnen hervorragende Karrierechancen im Bereich Finanzen und Banken.<\/p>\n<h2 data-path-to-node=\"4\">Wie Santa Fe Relocation Ihnen hilft<\/h2>\n<p data-path-to-node=\"5\">Ein Umzug nach Frankfurt kann kompliziert sein. <b data-path-to-node=\"5\" data-index-in-node=\"48\">Santa Fe Relocation<\/b> macht es Ihnen einfach. Wir haben \u00fcber 60 Jahre Erfahrung mit weltweiten Umz\u00fcgen. So unterst\u00fctzen wir Sie:<\/p>\n<ul data-path-to-node=\"6\">\n<li>\n<p data-path-to-node=\"6,0,0\"><b data-path-to-node=\"6,0,0\" data-index-in-node=\"0\">Pers\u00f6nliche Unterst\u00fctzung:<\/b> Wir erstellen einen genauen Plan f\u00fcr Ihren Umzug, damit Sie keinen Stress haben.<\/p>\n<\/li>\n<li>\n<p data-path-to-node=\"6,1,0\"><b data-path-to-node=\"6,1,0\" data-index-in-node=\"0\">Visum &amp; Einreise:<\/b> Wir helfen Ihnen bei den Antr\u00e4gen f\u00fcr Visa und allen Papieren f\u00fcr den Aufenthalt.<\/p>\n<\/li>\n<li>\n<p data-path-to-node=\"6,2,0\"><b data-path-to-node=\"6,2,0\" data-index-in-node=\"0\">Wohnungssuche:<\/b> Wir finden f\u00fcr Sie die perfekte Wohnung oder das passende Haus in Frankfurt.<\/p>\n<\/li>\n<li>\n<p data-path-to-node=\"6,3,0\"><b data-path-to-node=\"6,3,0\" data-index-in-node=\"0\">Hilfe beim Ankommen:<\/b> Wir unterst\u00fctzen Sie bei der Er\u00f6ffnung eines Bankkontos oder bei der Suche nach der richtigen Schule f\u00fcr Ihre Kinder.<\/p>\n<\/li>\n<li>\n<p data-path-to-node=\"6,4,0\"><b data-path-to-node=\"6,4,0\" data-index-in-node=\"0\">Umz\u00fcge f\u00fcr Firmen:<\/b> Wir bieten spezielle Hilfe f\u00fcr Unternehmen an, die Mitarbeiter nach Frankfurt schicken.<\/p>\n<\/li>\n<\/ul>\n\t\t\t\t\t\t<\/div>\n\t\t\t\t<\/div>\n\t\t\t\t<\/div>\n\t\t\t\t\t<\/div>\n\t\t\t\t<\/div>\n\t\t\t\t<\/div>\n\t\t<div class=\"elementor-element elementor-element-6196356 e-flex e-con-boxed e-con e-parent\" data-id=\"6196356\" data-element_type=\"container\">\n\t\t\t\t\t<div class=\"e-con-inner\">\n\t\t<div class=\"elementor-element elementor-element-75f3d35 e-con-full e-flex e-con e-child\" data-id=\"75f3d35\" data-element_type=\"container\">\n\t\t\t\t<div class=\"elementor-element elementor-element-f1873a3 elementor-widget elementor-widget-text-editor\" data-id=\"f1873a3\" data-element_type=\"widget\" data-widget_type=\"text-editor.default\">\n\t\t\t\t<div class=\"elementor-widget-container\">\n\t\t\t\t\t\t\t<p><strong>Why Choose Santa Fe?<\/strong><\/p>\n<ul>\n<li><strong>60+ Years of Experience<\/strong>: Trusted global experts in relocation.<\/li>\n<li><strong>Comprehensive Services<\/strong>: End-to-end relocation support, from moving to settling in.<\/li>\n<li><strong>Personalised Care<\/strong>: Dedicated move coordinators ensure a seamless transition.<\/li>\n<\/ul>\n<p>Let <strong>Santa Fe Relocation<\/strong> simplify your move to Frankfurt. Get in touch with us today and start your relocation with confidence.<\/p>\n\t\t\t\t\t\t<\/div>\n\t\t\t\t<\/div>\n\t\t\t\t<\/div>\n\t\t<div class=\"elementor-element elementor-element-94bc710 e-con-full e-flex e-con e-child\" data-id=\"94bc710\" data-element_type=\"container\">\n\t\t\t\t<div class=\"elementor-element elementor-element-807c625 elementor-widget elementor-widget-image\" data-id=\"807c625\" data-element_type=\"widget\" data-widget_type=\"image.default\">\n\t\t\t\t<div class=\"elementor-widget-container\">\n\t\t\t\t\t\t\t\t\t\t\t\t\t<img decoding=\"async\" width=\"800\" height=\"800\" src=\"https:\/\/personal.santaferelo.com\/wp-content\/uploads\/2025\/01\/30-1024x1024.jpg\" class=\" attachment-large size-large wp-image-14666\" alt=\"Woman organising her moving checklist provided by Santa Fe Relocation to make the whole process easy and smooth.\" srcset=\"https:\/\/personal.santaferelo.com\/wp-content\/uploads\/2025\/01\/30-1024x1024.jpg 1024w, https:\/\/personal.santaferelo.com\/wp-content\/uploads\/2025\/01\/30-300x300.jpg 300w, https:\/\/personal.santaferelo.com\/wp-content\/uploads\/2025\/01\/30-150x150.jpg 150w, https:\/\/personal.santaferelo.com\/wp-content\/uploads\/2025\/01\/30-768x768.jpg 768w, https:\/\/personal.santaferelo.com\/wp-content\/uploads\/2025\/01\/30.jpg 1080w\" sizes=\"(max-width: 800px) 100vw, 800px\" \/>\t\t\t\t\t\t\t\t\t\t\t\t\t<\/div>\n\t\t\t\t<\/div>\n\t\t\t\t<\/div>\n\t\t\t\t\t<\/div>\n\t\t\t\t<\/div>\n\t\t\t\t<\/div>\n\t\t","protected":false},"featured_media":0,"template":"","office-country":[185],"class_list":["post-16386","office","type-office","status-publish","hentry","office-country-germany-de"],"acf":[],"yoast_head":"<!-- This site is optimized with the Yoast SEO Premium plugin v22.8 (Yoast SEO v23.7) - https:\/\/yoast.com\/wordpress\/plugins\/seo\/ -->\n<title>Votre assistant d\u00e9m\u00e9nagement personnel<\/title>\n<meta name=\"description\" content=\"Contact Santa Fe&#039;s Votre assistant d\u00e9m\u00e9nagement personnel office for visa and immigration, local and international moving, and other relocation needs.\" \/>\n<meta name=\"robots\" content=\"index, follow, max-snippet:-1, max-image-preview:large, max-video-preview:-1\" \/>\n<link rel=\"canonical\" href=\"https:\/\/personal.santaferelo.com\/contact-us\/our-offices\/moving-company-frankfurt\/\" \/>\n<meta property=\"og:locale\" content=\"de_DE\" \/>\n<meta property=\"og:type\" content=\"article\" \/>\n<meta property=\"og:title\" content=\"Votre assistant d\u00e9m\u00e9nagement personnel\" \/>\n<meta property=\"og:description\" content=\"Contact Santa Fe&#039;s Votre assistant d\u00e9m\u00e9nagement personnel office for visa and immigration, local and international moving, and other relocation needs.\" \/>\n<meta property=\"og:url\" content=\"https:\/\/personal.santaferelo.com\/contact-us\/our-offices\/moving-company-frankfurt\/\" \/>\n<meta property=\"og:site_name\" content=\"Santa Fe Relocation\" \/>\n<meta property=\"article:modified_time\" content=\"2026-01-06T14:47:30+00:00\" \/>\n<meta property=\"og:image\" content=\"https:\/\/personal.santaferelo.com\/wp-content\/uploads\/2023\/06\/Frankfurt.png?wsr\" \/>\n\t<meta property=\"og:image:width\" content=\"1000\" \/>\n\t<meta property=\"og:image:height\" content=\"800\" \/>\n\t<meta property=\"og:image:type\" content=\"image\/png\" \/>\n<meta name=\"twitter:card\" content=\"summary_large_image\" \/>\n<meta name=\"twitter:label1\" content=\"Gesch\u00e4tzte Lesezeit\" \/>\n\t<meta name=\"twitter:data1\" content=\"2\u00a0Minuten\" \/>\n<script type=\"application\/ld+json\" class=\"yoast-schema-graph\">{\"@context\":\"https:\/\/schema.org\",\"@graph\":[{\"@type\":\"WebPage\",\"@id\":\"https:\/\/personal.santaferelo.com\/contact-us\/our-offices\/moving-company-frankfurt\/\",\"url\":\"https:\/\/personal.santaferelo.com\/contact-us\/our-offices\/moving-company-frankfurt\/\",\"name\":\"Votre assistant d\u00e9m\u00e9nagement personnel\",\"isPartOf\":{\"@id\":\"https:\/\/personal.santaferelo.com\/#website\"},\"primaryImageOfPage\":{\"@id\":\"https:\/\/personal.santaferelo.com\/contact-us\/our-offices\/moving-company-frankfurt\/#primaryimage\"},\"image\":{\"@id\":\"https:\/\/personal.santaferelo.com\/contact-us\/our-offices\/moving-company-frankfurt\/#primaryimage\"},\"thumbnailUrl\":\"https:\/\/personal.santaferelo.com\/wp-content\/uploads\/2023\/06\/Frankfurt.png?wsr\",\"datePublished\":\"2023-06-08T07:35:06+00:00\",\"dateModified\":\"2026-01-06T14:47:30+00:00\",\"description\":\"Contact Santa Fe's Votre assistant d\u00e9m\u00e9nagement personnel office for visa and immigration, local and international moving, and other relocation needs.\",\"breadcrumb\":{\"@id\":\"https:\/\/personal.santaferelo.com\/contact-us\/our-offices\/moving-company-frankfurt\/#breadcrumb\"},\"inLanguage\":\"de\",\"potentialAction\":[{\"@type\":\"ReadAction\",\"target\":[\"https:\/\/personal.santaferelo.com\/contact-us\/our-offices\/moving-company-frankfurt\/\"]}]},{\"@type\":\"ImageObject\",\"inLanguage\":\"de\",\"@id\":\"https:\/\/personal.santaferelo.com\/contact-us\/our-offices\/moving-company-frankfurt\/#primaryimage\",\"url\":\"https:\/\/personal.santaferelo.com\/wp-content\/uploads\/2023\/06\/Frankfurt.png?wsr\",\"contentUrl\":\"https:\/\/personal.santaferelo.com\/wp-content\/uploads\/2023\/06\/Frankfurt.png?wsr\"},{\"@type\":\"BreadcrumbList\",\"@id\":\"https:\/\/personal.santaferelo.com\/contact-us\/our-offices\/moving-company-frankfurt\/#breadcrumb\",\"itemListElement\":[{\"@type\":\"ListItem\",\"position\":1,\"name\":\"Home\",\"item\":\"https:\/\/personal.santaferelo.com\/\"},{\"@type\":\"ListItem\",\"position\":2,\"name\":\"Votre assistant d\u00e9m\u00e9nagement personnel\"}]},{\"@type\":\"WebSite\",\"@id\":\"https:\/\/personal.santaferelo.com\/#website\",\"url\":\"https:\/\/personal.santaferelo.com\/\",\"name\":\"Santa Fe Relocation\",\"description\":\"International and Local Moving\",\"publisher\":{\"@id\":\"https:\/\/personal.santaferelo.com\/#organization\"},\"potentialAction\":[{\"@type\":\"SearchAction\",\"target\":{\"@type\":\"EntryPoint\",\"urlTemplate\":\"https:\/\/personal.santaferelo.com\/?s={search_term_string}\"},\"query-input\":{\"@type\":\"PropertyValueSpecification\",\"valueRequired\":true,\"valueName\":\"search_term_string\"}}],\"inLanguage\":\"de\"},{\"@type\":\"Organization\",\"@id\":\"https:\/\/personal.santaferelo.com\/#organization\",\"name\":\"Santa Fe Relocation\",\"url\":\"https:\/\/personal.santaferelo.com\/\",\"logo\":{\"@type\":\"ImageObject\",\"inLanguage\":\"de\",\"@id\":\"https:\/\/personal.santaferelo.com\/#\/schema\/logo\/image\/\",\"url\":\"https:\/\/personal.santaferelo.com\/wp-content\/uploads\/2023\/05\/santalogo.svg?wsr\",\"contentUrl\":\"https:\/\/personal.santaferelo.com\/wp-content\/uploads\/2023\/05\/santalogo.svg?wsr\",\"width\":493,\"height\":289,\"caption\":\"Santa Fe Relocation\"},\"image\":{\"@id\":\"https:\/\/personal.santaferelo.com\/#\/schema\/logo\/image\/\"}}]}<\/script>\n<!-- \/ Yoast SEO Premium plugin. -->","yoast_head_json":{"title":"Votre assistant d\u00e9m\u00e9nagement personnel","description":"Contact Santa Fe's Votre assistant d\u00e9m\u00e9nagement personnel office for visa and immigration, local and international moving, and other relocation needs.","robots":{"index":"index","follow":"follow","max-snippet":"max-snippet:-1","max-image-preview":"max-image-preview:large","max-video-preview":"max-video-preview:-1"},"canonical":"https:\/\/personal.santaferelo.com\/contact-us\/our-offices\/moving-company-frankfurt\/","og_locale":"de_DE","og_type":"article","og_title":"Votre assistant d\u00e9m\u00e9nagement personnel","og_description":"Contact Santa Fe's Votre assistant d\u00e9m\u00e9nagement personnel office for visa and immigration, local and international moving, and other relocation needs.","og_url":"https:\/\/personal.santaferelo.com\/contact-us\/our-offices\/moving-company-frankfurt\/","og_site_name":"Santa Fe Relocation","article_modified_time":"2026-01-06T14:47:30+00:00","og_image":[{"width":1000,"height":800,"url":"https:\/\/personal.santaferelo.com\/wp-content\/uploads\/2023\/06\/Frankfurt.png?wsr","type":"image\/png"}],"twitter_card":"summary_large_image","twitter_misc":{"Gesch\u00e4tzte Lesezeit":"2\u00a0Minuten"},"schema":{"@context":"https:\/\/schema.org","@graph":[{"@type":"WebPage","@id":"https:\/\/personal.santaferelo.com\/contact-us\/our-offices\/moving-company-frankfurt\/","url":"https:\/\/personal.santaferelo.com\/contact-us\/our-offices\/moving-company-frankfurt\/","name":"Votre assistant d\u00e9m\u00e9nagement personnel","isPartOf":{"@id":"https:\/\/personal.santaferelo.com\/#website"},"primaryImageOfPage":{"@id":"https:\/\/personal.santaferelo.com\/contact-us\/our-offices\/moving-company-frankfurt\/#primaryimage"},"image":{"@id":"https:\/\/personal.santaferelo.com\/contact-us\/our-offices\/moving-company-frankfurt\/#primaryimage"},"thumbnailUrl":"https:\/\/personal.santaferelo.com\/wp-content\/uploads\/2023\/06\/Frankfurt.png?wsr","datePublished":"2023-06-08T07:35:06+00:00","dateModified":"2026-01-06T14:47:30+00:00","description":"Contact Santa Fe's Votre assistant d\u00e9m\u00e9nagement personnel office for visa and immigration, local and international moving, and other relocation needs.","breadcrumb":{"@id":"https:\/\/personal.santaferelo.com\/contact-us\/our-offices\/moving-company-frankfurt\/#breadcrumb"},"inLanguage":"de","potentialAction":[{"@type":"ReadAction","target":["https:\/\/personal.santaferelo.com\/contact-us\/our-offices\/moving-company-frankfurt\/"]}]},{"@type":"ImageObject","inLanguage":"de","@id":"https:\/\/personal.santaferelo.com\/contact-us\/our-offices\/moving-company-frankfurt\/#primaryimage","url":"https:\/\/personal.santaferelo.com\/wp-content\/uploads\/2023\/06\/Frankfurt.png?wsr","contentUrl":"https:\/\/personal.santaferelo.com\/wp-content\/uploads\/2023\/06\/Frankfurt.png?wsr"},{"@type":"BreadcrumbList","@id":"https:\/\/personal.santaferelo.com\/contact-us\/our-offices\/moving-company-frankfurt\/#breadcrumb","itemListElement":[{"@type":"ListItem","position":1,"name":"Home","item":"https:\/\/personal.santaferelo.com\/"},{"@type":"ListItem","position":2,"name":"Votre assistant d\u00e9m\u00e9nagement personnel"}]},{"@type":"WebSite","@id":"https:\/\/personal.santaferelo.com\/#website","url":"https:\/\/personal.santaferelo.com\/","name":"Santa Fe Relocation","description":"International and Local Moving","publisher":{"@id":"https:\/\/personal.santaferelo.com\/#organization"},"potentialAction":[{"@type":"SearchAction","target":{"@type":"EntryPoint","urlTemplate":"https:\/\/personal.santaferelo.com\/?s={search_term_string}"},"query-input":{"@type":"PropertyValueSpecification","valueRequired":true,"valueName":"search_term_string"}}],"inLanguage":"de"},{"@type":"Organization","@id":"https:\/\/personal.santaferelo.com\/#organization","name":"Santa Fe Relocation","url":"https:\/\/personal.santaferelo.com\/","logo":{"@type":"ImageObject","inLanguage":"de","@id":"https:\/\/personal.santaferelo.com\/#\/schema\/logo\/image\/","url":"https:\/\/personal.santaferelo.com\/wp-content\/uploads\/2023\/05\/santalogo.svg?wsr","contentUrl":"https:\/\/personal.santaferelo.com\/wp-content\/uploads\/2023\/05\/santalogo.svg?wsr","width":493,"height":289,"caption":"Santa Fe Relocation"},"image":{"@id":"https:\/\/personal.santaferelo.com\/#\/schema\/logo\/image\/"}}]}},"_links":{"self":[{"href":"https:\/\/personal.santaferelo.com\/de\/wp-json\/wp\/v2\/office\/16386","targetHints":{"allow":["GET"]}}],"collection":[{"href":"https:\/\/personal.santaferelo.com\/de\/wp-json\/wp\/v2\/office"}],"about":[{"href":"https:\/\/personal.santaferelo.com\/de\/wp-json\/wp\/v2\/types\/office"}],"version-history":[{"count":1,"href":"https:\/\/personal.santaferelo.com\/de\/wp-json\/wp\/v2\/office\/16386\/revisions"}],"predecessor-version":[{"id":16388,"href":"https:\/\/personal.santaferelo.com\/de\/wp-json\/wp\/v2\/office\/16386\/revisions\/16388"}],"wp:attachment":[{"href":"https:\/\/personal.santaferelo.com\/de\/wp-json\/wp\/v2\/media?parent=16386"}],"wp:term":[{"taxonomy":"office-country","embeddable":true,"href":"https:\/\/personal.santaferelo.com\/de\/wp-json\/wp\/v2\/office-country?post=16386"}],"curies":[{"name":"wp","href":"https:\/\/api.w.org\/{rel}","templated":true}]}}